{"id":12741,"date":"2024-09-30T13:46:58","date_gmt":"2024-09-30T11:46:58","guid":{"rendered":"https:\/\/latardor.com\/?page_id=12741"},"modified":"2024-11-20T15:15:52","modified_gmt":"2024-11-20T14:15:52","slug":"carta-de-servicios","status":"publish","type":"page","link":"https:\/\/latardor.com\/es\/carta-de-servicios\/","title":{"rendered":"Carta de servicios"},"content":{"rendered":"\t\t<div data-elementor-type=\"wp-page\" data-elementor-id=\"12741\" class=\"elementor elementor-12741 elementor-11867\">\n\t\t\t\t\t\t<section class=\"elementor-section elementor-top-section elementor-element elementor-element-b4e190a elementor-section-boxed elementor-section-height-default elementor-section-height-default wpr-particle-no wpr-jarallax-no wpr-parallax-no wpr-sticky-section-no\" data-id=\"b4e190a\" data-element_type=\"section\">\n\t\t\t\t\t\t<div class=\"elementor-container elementor-column-gap-default\">\n\t\t\t\t\t<div class=\"elementor-column elementor-col-100 elementor-top-column elementor-element elementor-element-0d759c1\" data-id=\"0d759c1\" data-element_type=\"column\">\n\t\t\t<div class=\"elementor-widget-wrap elementor-element-populated\">\n\t\t\t\t\t\t<div class=\"elementor-element elementor-element-db808ac poket-star-rating--align-left elementor-widget elementor-widget-witr_section_t_widget\" data-id=\"db808ac\" data-element_type=\"widget\" data-widget_type=\"witr_section_t_widget.default\">\n\t\t\t\t<div class=\"elementor-widget-container\">\n\t\t\t\t\t\t\t\t<!-- text widget center -->\n\t\t\t\t\t<div class=\"witr_text_widget\">\n\t\t\t\t\t\t<div class=\"witr_text_widget_inner\">\n\t\t\t\t\t\t\t<!-- text widget top -->\n\t\t\t\t\t\t\t\t\t\t\t\t\t\n\t\t\t\t\t\t\t<!-- text widget middle -->\n\t\t\t\t\t\t\t\t\t\t\t\t\t\t\t<h2>Acogida y convivencia<\/h2>\t\t\n\t\t\t\t\t\t\t\t\t\t\t\t\t\t<!-- text widget bottom -->\n\t\t\t\t\t\t\t\t\t\t\t\t\t\n\t\t\t\t\t\t\t<!-- content -->\n\t\t\t\t\t\t\t\t\t\t\t\t\t\t\t<p><p><span style=\"font-weight: 400;\">Facilitar la adaptaci\u00f3n del nuevo residente al centro mediante la asistencia integral, el acompa\u00f1amiento en el d\u00eda a d\u00eda, la fomentaci\u00f3n de la relaci\u00f3n con el resto de usuarios, familiares y entorno, y el establecimiento con los miembros del equipo de una relaci\u00f3n de ayuda.<\/span><\/p><\/p>\t\t\n\t\t\t\t\t\t\t\t\t\t\t\t\t\t\n\t\t\t\t\t\t\t<!--- List content --->\n\t\t\t\t\t\t\t<div class=\"witr_widget_list\">\n\t\t\t\t\t\t\t\t<ul>\t\t\t\t\t\t\t\n\t\t\t\t\t\t\t\t\t\t\t\t\t\t\t\t\t<\/ul>\n\t\t\t\t\t\t\t\t\t\n\t\t\t\t\t\t\t<\/div>\t\t\t\t\t\t\t\n\t\t\t\t\t\t<\/div>\n\t\t\t\t\t<\/div>\n\n\t\t\t\t\t\t<\/div>\n\t\t\t\t<\/div>\n\t\t\t\t\t<\/div>\n\t\t<\/div>\n\t\t\t\t\t<\/div>\n\t\t<\/section>\n\t\t\t\t<section class=\"elementor-section elementor-top-section elementor-element elementor-element-d7b4fc2 elementor-section-boxed elementor-section-height-default elementor-section-height-default wpr-particle-no wpr-jarallax-no wpr-parallax-no wpr-sticky-section-no\" data-id=\"d7b4fc2\" data-element_type=\"section\">\n\t\t\t\t\t\t<div class=\"elementor-container elementor-column-gap-default\">\n\t\t\t\t\t<div class=\"elementor-column elementor-col-100 elementor-top-column elementor-element elementor-element-f2432f4\" data-id=\"f2432f4\" data-element_type=\"column\">\n\t\t\t<div class=\"elementor-widget-wrap elementor-element-populated\">\n\t\t\t\t\t\t<div class=\"elementor-element elementor-element-fd8046a poket-star-rating--align-left elementor-widget elementor-widget-witr_section_t_widget\" data-id=\"fd8046a\" data-element_type=\"widget\" data-widget_type=\"witr_section_t_widget.default\">\n\t\t\t\t<div class=\"elementor-widget-container\">\n\t\t\t\t\t\t\t\t<!-- text widget center -->\n\t\t\t\t\t<div class=\"witr_text_widget\">\n\t\t\t\t\t\t<div class=\"witr_text_widget_inner\">\n\t\t\t\t\t\t\t<!-- text widget top -->\n\t\t\t\t\t\t\t\t\t\t\t\t\t\n\t\t\t\t\t\t\t<!-- text widget middle -->\n\t\t\t\t\t\t\t\t\t\t\t\t\t\t\t<h2>Alojamiento<\/h2>\t\t\n\t\t\t\t\t\t\t\t\t\t\t\t\t\t<!-- text widget bottom -->\n\t\t\t\t\t\t\t\t\t\t\t\t\t\n\t\t\t\t\t\t\t<!-- content -->\n\t\t\t\t\t\t\t\t\t\t\t\t\t\t\t<p><div class=\"elementor-element elementor-element-88b1300 elementor-widget elementor-widget-heading\" data-id=\"88b1300\" data-element_type=\"widget\" data-widget_type=\"heading.default\"><div class=\"elementor-widget-container\"><p class=\"elementor-heading-title elementor-size-default\"><span style=\"font-weight: 400;\">Proporcionar un entorno sustitutivo del hogar, con personalizaci\u00f3n de los espacios privados, creando un clima de bienestar caracterizado por el establecimiento de relaciones de confianza.<\/span><\/p><\/div><\/div><\/p>\t\t\n\t\t\t\t\t\t\t\t\t\t\t\t\t\t\n\t\t\t\t\t\t\t<!--- List content --->\n\t\t\t\t\t\t\t<div class=\"witr_widget_list\">\n\t\t\t\t\t\t\t\t<ul>\t\t\t\t\t\t\t\n\t\t\t\t\t\t\t\t\t\t\t\t\t\t\t\t\t<\/ul>\n\t\t\t\t\t\t\t\t\t\n\t\t\t\t\t\t\t<\/div>\t\t\t\t\t\t\t\n\t\t\t\t\t\t<\/div>\n\t\t\t\t\t<\/div>\n\n\t\t\t\t\t\t<\/div>\n\t\t\t\t<\/div>\n\t\t\t\t\t<\/div>\n\t\t<\/div>\n\t\t\t\t\t<\/div>\n\t\t<\/section>\n\t\t\t\t<section class=\"elementor-section elementor-top-section elementor-element elementor-element-8752868 elementor-section-boxed elementor-section-height-default elementor-section-height-default wpr-particle-no wpr-jarallax-no wpr-parallax-no wpr-sticky-section-no\" data-id=\"8752868\" data-element_type=\"section\">\n\t\t\t\t\t\t<div class=\"elementor-container elementor-column-gap-default\">\n\t\t\t\t\t<div class=\"elementor-column elementor-col-100 elementor-top-column elementor-element elementor-element-11094f1\" data-id=\"11094f1\" data-element_type=\"column\">\n\t\t\t<div class=\"elementor-widget-wrap elementor-element-populated\">\n\t\t\t\t\t\t<div class=\"elementor-element elementor-element-643defe poket-star-rating--align-left elementor-widget elementor-widget-witr_section_t_widget\" data-id=\"643defe\" data-element_type=\"widget\" data-widget_type=\"witr_section_t_widget.default\">\n\t\t\t\t<div class=\"elementor-widget-container\">\n\t\t\t\t\t\t\t\t<!-- text widget center -->\n\t\t\t\t\t<div class=\"witr_text_widget\">\n\t\t\t\t\t\t<div class=\"witr_text_widget_inner\">\n\t\t\t\t\t\t\t<!-- text widget top -->\n\t\t\t\t\t\t\t\t\t\t\t\t\t\n\t\t\t\t\t\t\t<!-- text widget middle -->\n\t\t\t\t\t\t\t\t\t\t\t\t\t\t\t<h2>Manutenci\u00f3n<\/h2>\t\t\n\t\t\t\t\t\t\t\t\t\t\t\t\t\t<!-- text widget bottom -->\n\t\t\t\t\t\t\t\t\t\t\t\t\t\n\t\t\t\t\t\t\t<!-- content -->\n\t\t\t\t\t\t\t\t\t\t\t\t\t\t\t<p><p><span style=\"font-weight: 400;\">Proporcionar una alimentaci\u00f3n correcta y equilibrada a los residentes, mediante dietas espec\u00edficas, elaboradas en el propio centro mediante su servicio de cocina propia, adaptadas a las posibles patolog\u00edas, y men\u00fas apetitosos y variados adecuados a la estaci\u00f3n del a\u00f1o, todo considerando que comer es una fuente de placer y se convierte en un acto social.<\/span><\/p><\/p>\t\t\n\t\t\t\t\t\t\t\t\t\t\t\t\t\t\n\t\t\t\t\t\t\t<!--- List content --->\n\t\t\t\t\t\t\t<div class=\"witr_widget_list\">\n\t\t\t\t\t\t\t\t<ul>\t\t\t\t\t\t\t\n\t\t\t\t\t\t\t\t\t\t\t\t\t\t\t\t\t<\/ul>\n\t\t\t\t\t\t\t\t\t\n\t\t\t\t\t\t\t<\/div>\t\t\t\t\t\t\t\n\t\t\t\t\t\t<\/div>\n\t\t\t\t\t<\/div>\n\n\t\t\t\t\t\t<\/div>\n\t\t\t\t<\/div>\n\t\t\t\t\t<\/div>\n\t\t<\/div>\n\t\t\t\t\t<\/div>\n\t\t<\/section>\n\t\t\t\t<section class=\"elementor-section elementor-top-section elementor-element elementor-element-9ccc61f elementor-section-boxed elementor-section-height-default elementor-section-height-default wpr-particle-no wpr-jarallax-no wpr-parallax-no wpr-sticky-section-no\" data-id=\"9ccc61f\" data-element_type=\"section\">\n\t\t\t\t\t\t<div class=\"elementor-container elementor-column-gap-default\">\n\t\t\t\t\t<div class=\"elementor-column elementor-col-100 elementor-top-column elementor-element elementor-element-b92f531\" data-id=\"b92f531\" data-element_type=\"column\">\n\t\t\t<div class=\"elementor-widget-wrap elementor-element-populated\">\n\t\t\t\t\t\t<div class=\"elementor-element elementor-element-0960c65 poket-star-rating--align-left elementor-widget elementor-widget-witr_section_t_widget\" data-id=\"0960c65\" data-element_type=\"widget\" data-widget_type=\"witr_section_t_widget.default\">\n\t\t\t\t<div class=\"elementor-widget-container\">\n\t\t\t\t\t\t\t\t<!-- text widget center -->\n\t\t\t\t\t<div class=\"witr_text_widget\">\n\t\t\t\t\t\t<div class=\"witr_text_widget_inner\">\n\t\t\t\t\t\t\t<!-- text widget top -->\n\t\t\t\t\t\t\t\t\t\t\t\t\t\t\t<h1>Atenci\u00f3n personal en las actividades de la vida diaria y Readaptaci\u00f3n de los h\u00e1bitos de autonom\u00eda<\/h1>\t\t\n\t\t\t\t\t\t\t\t\t\t\t\t\t\n\t\t\t\t\t\t\t<!-- text widget middle -->\n\t\t\t\t\t\t\t\t\t\t\t\t\t\t<!-- text widget bottom -->\n\t\t\t\t\t\t\t\t\t\t\t\t\t\n\t\t\t\t\t\t\t<!-- content -->\n\t\t\t\t\t\t\t\t\t\t\t\t\t\t\t<p><p><span style=\"font-weight: 400;\">Potenciar y mantener la autonom\u00eda de los residentes en aquellas actividades de la vida diaria que conserva, y reeducar y\/u ofrecer ayudas t\u00e9cnicas que mejoren su autonom\u00eda en estas actividades o directamente asistir en ellas en los casos de incapacidad por el parto del residente por su grado de dependencia.<\/span><\/p><\/p>\t\t\n\t\t\t\t\t\t\t\t\t\t\t\t\t\t\n\t\t\t\t\t\t\t<!--- List content --->\n\t\t\t\t\t\t\t<div class=\"witr_widget_list\">\n\t\t\t\t\t\t\t\t<ul>\t\t\t\t\t\t\t\n\t\t\t\t\t\t\t\t\t\t\t\t\t\t\t\t\t<\/ul>\n\t\t\t\t\t\t\t\t\t\n\t\t\t\t\t\t\t<\/div>\t\t\t\t\t\t\t\n\t\t\t\t\t\t<\/div>\n\t\t\t\t\t<\/div>\n\n\t\t\t\t\t\t<\/div>\n\t\t\t\t<\/div>\n\t\t\t\t\t<\/div>\n\t\t<\/div>\n\t\t\t\t\t<\/div>\n\t\t<\/section>\n\t\t\t\t<section class=\"elementor-section elementor-top-section elementor-element elementor-element-9b22e23 elementor-section-boxed elementor-section-height-default elementor-section-height-default wpr-particle-no wpr-jarallax-no wpr-parallax-no wpr-sticky-section-no\" data-id=\"9b22e23\" data-element_type=\"section\">\n\t\t\t\t\t\t<div class=\"elementor-container elementor-column-gap-default\">\n\t\t\t\t\t<div class=\"elementor-column elementor-col-100 elementor-top-column elementor-element elementor-element-dbe5c99\" data-id=\"dbe5c99\" data-element_type=\"column\">\n\t\t\t<div class=\"elementor-widget-wrap elementor-element-populated\">\n\t\t\t\t\t\t<div class=\"elementor-element elementor-element-5c45083 poket-star-rating--align-left elementor-widget elementor-widget-witr_section_t_widget\" data-id=\"5c45083\" data-element_type=\"widget\" data-widget_type=\"witr_section_t_widget.default\">\n\t\t\t\t<div class=\"elementor-widget-container\">\n\t\t\t\t\t\t\t\t<!-- text widget center -->\n\t\t\t\t\t<div class=\"witr_text_widget\">\n\t\t\t\t\t\t<div class=\"witr_text_widget_inner\">\n\t\t\t\t\t\t\t<!-- text widget top -->\n\t\t\t\t\t\t\t\t\t\t\t\t\t\n\t\t\t\t\t\t\t<!-- text widget middle -->\n\t\t\t\t\t\t\t\t\t\t\t\t\t\t\t<h2>Higiene personal<\/h2>\t\t\n\t\t\t\t\t\t\t\t\t\t\t\t\t\t<!-- text widget bottom -->\n\t\t\t\t\t\t\t\t\t\t\t\t\t\n\t\t\t\t\t\t\t<!-- content -->\n\t\t\t\t\t\t\t\t\t\t\t\t\t\t\t<p><p><span style=\"font-weight: 400;\">Mantener un correcto estado higi\u00e9nico y una buena integridad e hidrataci\u00f3n de la piel, preservando la intimidad y la dignidad de los residentes.<\/span><\/p><\/p>\t\t\n\t\t\t\t\t\t\t\t\t\t\t\t\t\t\n\t\t\t\t\t\t\t<!--- List content --->\n\t\t\t\t\t\t\t<div class=\"witr_widget_list\">\n\t\t\t\t\t\t\t\t<ul>\t\t\t\t\t\t\t\n\t\t\t\t\t\t\t\t\t\t\t\t\t\t\t\t\t<\/ul>\n\t\t\t\t\t\t\t\t\t\n\t\t\t\t\t\t\t<\/div>\t\t\t\t\t\t\t\n\t\t\t\t\t\t<\/div>\n\t\t\t\t\t<\/div>\n\n\t\t\t\t\t\t<\/div>\n\t\t\t\t<\/div>\n\t\t\t\t\t<\/div>\n\t\t<\/div>\n\t\t\t\t\t<\/div>\n\t\t<\/section>\n\t\t\t\t<section class=\"elementor-section elementor-top-section elementor-element elementor-element-35d4526 elementor-section-boxed elementor-section-height-default elementor-section-height-default wpr-particle-no wpr-jarallax-no wpr-parallax-no wpr-sticky-section-no\" data-id=\"35d4526\" data-element_type=\"section\">\n\t\t\t\t\t\t<div class=\"elementor-container elementor-column-gap-default\">\n\t\t\t\t\t<div class=\"elementor-column elementor-col-100 elementor-top-column elementor-element elementor-element-a3618ab\" data-id=\"a3618ab\" data-element_type=\"column\">\n\t\t\t<div class=\"elementor-widget-wrap elementor-element-populated\">\n\t\t\t\t\t\t<div class=\"elementor-element elementor-element-c8fba98 poket-star-rating--align-left elementor-widget elementor-widget-witr_section_t_widget\" data-id=\"c8fba98\" data-element_type=\"widget\" data-widget_type=\"witr_section_t_widget.default\">\n\t\t\t\t<div class=\"elementor-widget-container\">\n\t\t\t\t\t\t\t\t<!-- text widget center -->\n\t\t\t\t\t<div class=\"witr_text_widget\">\n\t\t\t\t\t\t<div class=\"witr_text_widget_inner\">\n\t\t\t\t\t\t\t<!-- text widget top -->\n\t\t\t\t\t\t\t\t\t\t\t\t\t\n\t\t\t\t\t\t\t<!-- text widget middle -->\n\t\t\t\t\t\t\t\t\t\t\t\t\t\t\t<h2>Readaptaci\u00f3n social<\/h2>\t\t\n\t\t\t\t\t\t\t\t\t\t\t\t\t\t<!-- text widget bottom -->\n\t\t\t\t\t\t\t\t\t\t\t\t\t\n\t\t\t\t\t\t\t<!-- content -->\n\t\t\t\t\t\t\t\t\t\t\t\t\t\t\t<p><p><span style=\"font-weight: 400;\">Favorecer las relaciones interpersonales tanto con los residentes como con el personal asistencial, as\u00ed como con el entorno social y comunitario, a trav\u00e9s de las actividades realizadas en el centro y un programa de interrelaci\u00f3n con el entorno.<\/span><\/p><\/p>\t\t\n\t\t\t\t\t\t\t\t\t\t\t\t\t\t\n\t\t\t\t\t\t\t<!--- List content --->\n\t\t\t\t\t\t\t<div class=\"witr_widget_list\">\n\t\t\t\t\t\t\t\t<ul>\t\t\t\t\t\t\t\n\t\t\t\t\t\t\t\t\t\t\t\t\t\t\t\t\t<\/ul>\n\t\t\t\t\t\t\t\t\t\n\t\t\t\t\t\t\t<\/div>\t\t\t\t\t\t\t\n\t\t\t\t\t\t<\/div>\n\t\t\t\t\t<\/div>\n\n\t\t\t\t\t\t<\/div>\n\t\t\t\t<\/div>\n\t\t\t\t\t<\/div>\n\t\t<\/div>\n\t\t\t\t\t<\/div>\n\t\t<\/section>\n\t\t\t\t<section class=\"elementor-section elementor-top-section elementor-element elementor-element-d836eb5 elementor-section-boxed elementor-section-height-default elementor-section-height-default wpr-particle-no wpr-jarallax-no wpr-parallax-no wpr-sticky-section-no\" data-id=\"d836eb5\" data-element_type=\"section\">\n\t\t\t\t\t\t<div class=\"elementor-container elementor-column-gap-default\">\n\t\t\t\t\t<div class=\"elementor-column elementor-col-100 elementor-top-column elementor-element elementor-element-627980c\" data-id=\"627980c\" data-element_type=\"column\">\n\t\t\t<div class=\"elementor-widget-wrap elementor-element-populated\">\n\t\t\t\t\t\t<div class=\"elementor-element elementor-element-61ed789 poket-star-rating--align-left elementor-widget elementor-widget-witr_section_t_widget\" data-id=\"61ed789\" data-element_type=\"widget\" data-widget_type=\"witr_section_t_widget.default\">\n\t\t\t\t<div class=\"elementor-widget-container\">\n\t\t\t\t\t\t\t\t<!-- text widget center -->\n\t\t\t\t\t<div class=\"witr_text_widget\">\n\t\t\t\t\t\t<div class=\"witr_text_widget_inner\">\n\t\t\t\t\t\t\t<!-- text widget top -->\n\t\t\t\t\t\t\t\t\t\t\t\t\t\n\t\t\t\t\t\t\t<!-- text widget middle -->\n\t\t\t\t\t\t\t\t\t\t\t\t\t\t\t<h2>Dinamizaci\u00f3n sociocultural y Actividades de ocio<\/h2>\t\t\n\t\t\t\t\t\t\t\t\t\t\t\t\t\t<!-- text widget bottom -->\n\t\t\t\t\t\t\t\t\t\t\t\t\t\n\t\t\t\t\t\t\t<!-- content -->\n\t\t\t\t\t\t\t\t\t\t\t\t\t\t\t<p><p><span style=\"font-weight: 400;\">Ofrecer la posibilidad a la persona mayor que cuenta con una gran disposici\u00f3n de su tiempo para el ocio, de participar en actividades que le permiten mantener, o incluso mejorar, su estado de salud tanto f\u00edsico como ps\u00edquico, establecer v\u00ednculos con otros residentes y con el entorno y disfrutar del tiempo libre.<\/span><\/p><\/p>\t\t\n\t\t\t\t\t\t\t\t\t\t\t\t\t\t\n\t\t\t\t\t\t\t<!--- List content --->\n\t\t\t\t\t\t\t<div class=\"witr_widget_list\">\n\t\t\t\t\t\t\t\t<ul>\t\t\t\t\t\t\t\n\t\t\t\t\t\t\t\t\t\t\t\t\t\t\t\t\t<\/ul>\n\t\t\t\t\t\t\t\t\t\n\t\t\t\t\t\t\t<\/div>\t\t\t\t\t\t\t\n\t\t\t\t\t\t<\/div>\n\t\t\t\t\t<\/div>\n\n\t\t\t\t\t\t<\/div>\n\t\t\t\t<\/div>\n\t\t\t\t\t<\/div>\n\t\t<\/div>\n\t\t\t\t\t<\/div>\n\t\t<\/section>\n\t\t\t\t<section class=\"elementor-section elementor-top-section elementor-element elementor-element-81a40e9 elementor-section-boxed elementor-section-height-default elementor-section-height-default wpr-particle-no wpr-jarallax-no wpr-parallax-no wpr-sticky-section-no\" data-id=\"81a40e9\" data-element_type=\"section\">\n\t\t\t\t\t\t<div class=\"elementor-container elementor-column-gap-default\">\n\t\t\t\t\t<div class=\"elementor-column elementor-col-100 elementor-top-column elementor-element elementor-element-c2c52b6\" data-id=\"c2c52b6\" data-element_type=\"column\">\n\t\t\t<div class=\"elementor-widget-wrap elementor-element-populated\">\n\t\t\t\t\t\t<div class=\"elementor-element elementor-element-cfba9f1 poket-star-rating--align-left elementor-widget elementor-widget-witr_section_t_widget\" data-id=\"cfba9f1\" data-element_type=\"widget\" data-widget_type=\"witr_section_t_widget.default\">\n\t\t\t\t<div class=\"elementor-widget-container\">\n\t\t\t\t\t\t\t\t<!-- text widget center -->\n\t\t\t\t\t<div class=\"witr_text_widget\">\n\t\t\t\t\t\t<div class=\"witr_text_widget_inner\">\n\t\t\t\t\t\t\t<!-- text widget top -->\n\t\t\t\t\t\t\t\t\t\t\t\t\t\n\t\t\t\t\t\t\t<!-- text widget middle -->\n\t\t\t\t\t\t\t\t\t\t\t\t\t\t\t<h2>Apoyo personal, social y familiar<\/h2>\t\t\n\t\t\t\t\t\t\t\t\t\t\t\t\t\t<!-- text widget bottom -->\n\t\t\t\t\t\t\t\t\t\t\t\t\t\n\t\t\t\t\t\t\t<!-- content -->\n\t\t\t\t\t\t\t\t\t\t\t\t\t\t\t<p><p><span style=\"font-weight: 400;\">Ofrecer atenci\u00f3n dirigida a favorecer el bienestar f\u00edsico y emocional del residente y potenciar sus relaciones con la familia, el resto de residentes y el entorno, tratando cada caso de forma personalizada y desde el trabajo en equipo.<\/span><\/p><\/p>\t\t\n\t\t\t\t\t\t\t\t\t\t\t\t\t\t\n\t\t\t\t\t\t\t<!--- List content --->\n\t\t\t\t\t\t\t<div class=\"witr_widget_list\">\n\t\t\t\t\t\t\t\t<ul>\t\t\t\t\t\t\t\n\t\t\t\t\t\t\t\t\t\t\t\t\t\t\t\t\t<\/ul>\n\t\t\t\t\t\t\t\t\t\n\t\t\t\t\t\t\t<\/div>\t\t\t\t\t\t\t\n\t\t\t\t\t\t<\/div>\n\t\t\t\t\t<\/div>\n\n\t\t\t\t\t\t<\/div>\n\t\t\t\t<\/div>\n\t\t\t\t\t<\/div>\n\t\t<\/div>\n\t\t\t\t\t<\/div>\n\t\t<\/section>\n\t\t\t\t<section class=\"elementor-section elementor-top-section elementor-element elementor-element-101bca2 elementor-section-boxed elementor-section-height-default elementor-section-height-default wpr-particle-no wpr-jarallax-no wpr-parallax-no wpr-sticky-section-no\" data-id=\"101bca2\" data-element_type=\"section\">\n\t\t\t\t\t\t<div class=\"elementor-container elementor-column-gap-default\">\n\t\t\t\t\t<div class=\"elementor-column elementor-col-100 elementor-top-column elementor-element elementor-element-6862bb6\" data-id=\"6862bb6\" data-element_type=\"column\">\n\t\t\t<div class=\"elementor-widget-wrap elementor-element-populated\">\n\t\t\t\t\t\t<div class=\"elementor-element elementor-element-903a0bd poket-star-rating--align-left elementor-widget elementor-widget-witr_section_t_widget\" data-id=\"903a0bd\" data-element_type=\"widget\" data-widget_type=\"witr_section_t_widget.default\">\n\t\t\t\t<div class=\"elementor-widget-container\">\n\t\t\t\t\t\t\t\t<!-- text widget center -->\n\t\t\t\t\t<div class=\"witr_text_widget\">\n\t\t\t\t\t\t<div class=\"witr_text_widget_inner\">\n\t\t\t\t\t\t\t<!-- text widget top -->\n\t\t\t\t\t\t\t\t\t\t\t\t\t\n\t\t\t\t\t\t\t<!-- text widget middle -->\n\t\t\t\t\t\t\t\t\t\t\t\t\t\t\t<h2>Readaptaci\u00f3n Funcional y Fisioterapia<\/h2>\t\t\n\t\t\t\t\t\t\t\t\t\t\t\t\t\t<!-- text widget bottom -->\n\t\t\t\t\t\t\t\t\t\t\t\t\t\n\t\t\t\t\t\t\t<!-- content -->\n\t\t\t\t\t\t\t\t\t\t\t\t\t\t\t<p><p><span style=\"font-weight: 400;\">Mantener la m\u00e1xima movilidad del residente y mantener y\/o restaurar su independencia b\u00e1sica en las actividades de la vida diaria, aplicando tratamientos y t\u00e9cnicas de fisioterapia y rehabilitadoras.<\/span><\/p><\/p>\t\t\n\t\t\t\t\t\t\t\t\t\t\t\t\t\t\n\t\t\t\t\t\t\t<!--- List content --->\n\t\t\t\t\t\t\t<div class=\"witr_widget_list\">\n\t\t\t\t\t\t\t\t<ul>\t\t\t\t\t\t\t\n\t\t\t\t\t\t\t\t\t\t\t\t\t\t\t\t\t<\/ul>\n\t\t\t\t\t\t\t\t\t\n\t\t\t\t\t\t\t<\/div>\t\t\t\t\t\t\t\n\t\t\t\t\t\t<\/div>\n\t\t\t\t\t<\/div>\n\n\t\t\t\t\t\t<\/div>\n\t\t\t\t<\/div>\n\t\t\t\t\t<\/div>\n\t\t<\/div>\n\t\t\t\t\t<\/div>\n\t\t<\/section>\n\t\t\t\t<section class=\"elementor-section elementor-top-section elementor-element elementor-element-8c544e7 elementor-section-boxed elementor-section-height-default elementor-section-height-default wpr-particle-no wpr-jarallax-no wpr-parallax-no wpr-sticky-section-no\" data-id=\"8c544e7\" data-element_type=\"section\">\n\t\t\t\t\t\t<div class=\"elementor-container elementor-column-gap-default\">\n\t\t\t\t\t<div class=\"elementor-column elementor-col-100 elementor-top-column elementor-element elementor-element-a369361\" data-id=\"a369361\" data-element_type=\"column\">\n\t\t\t<div class=\"elementor-widget-wrap\">\n\t\t\t\t\t\t\t<\/div>\n\t\t<\/div>\n\t\t\t\t\t<\/div>\n\t\t<\/section>\n\t\t\t\t<section class=\"elementor-section elementor-top-section elementor-element elementor-element-183d3c3 elementor-section-boxed elementor-section-height-default elementor-section-height-default wpr-particle-no wpr-jarallax-no wpr-parallax-no wpr-sticky-section-no\" data-id=\"183d3c3\" data-element_type=\"section\">\n\t\t\t\t\t\t<div class=\"elementor-container elementor-column-gap-default\">\n\t\t\t\t\t<div class=\"elementor-column elementor-col-100 elementor-top-column elementor-element elementor-element-ef3041f\" data-id=\"ef3041f\" data-element_type=\"column\">\n\t\t\t<div class=\"elementor-widget-wrap elementor-element-populated\">\n\t\t\t\t\t\t<div class=\"elementor-element elementor-element-56fb4ef poket-star-rating--align-left elementor-widget elementor-widget-witr_section_t_widget\" data-id=\"56fb4ef\" data-element_type=\"widget\" data-widget_type=\"witr_section_t_widget.default\">\n\t\t\t\t<div class=\"elementor-widget-container\">\n\t\t\t\t\t\t\t\t<!-- text widget center -->\n\t\t\t\t\t<div class=\"witr_text_widget\">\n\t\t\t\t\t\t<div class=\"witr_text_widget_inner\">\n\t\t\t\t\t\t\t<!-- text widget top -->\n\t\t\t\t\t\t\t\t\t\t\t\t\t\n\t\t\t\t\t\t\t<!-- text widget middle -->\n\t\t\t\t\t\t\t\t\t\t\t\t\t\t\t<h2>Seguimiento y prevenci\u00f3n de las alteraciones de la salud<\/h2>\t\t\n\t\t\t\t\t\t\t\t\t\t\t\t\t\t<!-- text widget bottom -->\n\t\t\t\t\t\t\t\t\t\t\t\t\t\n\t\t\t\t\t\t\t<!-- content -->\n\t\t\t\t\t\t\t\t\t\t\t\t\t\t\t<p><p><span style=\"font-weight: 400;\">Prevenir y promover la salud de las personas atendidas en el centro, aplicando los programas y protocolos establecidos por el equipo interdisciplinario.<\/span><\/p><\/p>\t\t\n\t\t\t\t\t\t\t\t\t\t\t\t\t\t\n\t\t\t\t\t\t\t<!--- List content --->\n\t\t\t\t\t\t\t<div class=\"witr_widget_list\">\n\t\t\t\t\t\t\t\t<ul>\t\t\t\t\t\t\t\n\t\t\t\t\t\t\t\t\t\t\t\t\t\t\t\t\t<\/ul>\n\t\t\t\t\t\t\t\t\t\n\t\t\t\t\t\t\t<\/div>\t\t\t\t\t\t\t\n\t\t\t\t\t\t<\/div>\n\t\t\t\t\t<\/div>\n\n\t\t\t\t\t\t<\/div>\n\t\t\t\t<\/div>\n\t\t\t\t<div class=\"elementor-element elementor-element-1bf5959 poket-star-rating--align-left elementor-widget elementor-widget-witr_section_t_widget\" data-id=\"1bf5959\" data-element_type=\"widget\" data-widget_type=\"witr_section_t_widget.default\">\n\t\t\t\t<div class=\"elementor-widget-container\">\n\t\t\t\t\t\t\t\t<!-- text widget center -->\n\t\t\t\t\t<div class=\"witr_text_widget\">\n\t\t\t\t\t\t<div class=\"witr_text_widget_inner\">\n\t\t\t\t\t\t\t<!-- text widget top -->\n\t\t\t\t\t\t\t\t\t\t\t\t\t\n\t\t\t\t\t\t\t<!-- text widget middle -->\n\t\t\t\t\t\t\t\t\t\t\t\t\t\t\t<h2>Coordinaci\u00f3n con la red local de participaci\u00f3n ciudadana<\/h2>\t\t\n\t\t\t\t\t\t\t\t\t\t\t\t\t\t<!-- text widget bottom -->\n\t\t\t\t\t\t\t\t\t\t\t\t\t\n\t\t\t\t\t\t\t<!-- content -->\n\t\t\t\t\t\t\t\t\t\t\t\t\t\t\t<p><p><span style=\"font-weight: 400;\">Dado que una de las prioridades del centro es el mantenimiento del v\u00ednculo comunitario de las personas del centro con su entorno, parte de las actividades de ocio que se realizan en el centro son en colaboraci\u00f3n con otras organizaciones locales.<\/span><\/p><\/p>\t\t\n\t\t\t\t\t\t\t\t\t\t\t\t\t\t\n\t\t\t\t\t\t\t<!--- List content --->\n\t\t\t\t\t\t\t<div class=\"witr_widget_list\">\n\t\t\t\t\t\t\t\t<ul>\t\t\t\t\t\t\t\n\t\t\t\t\t\t\t\t\t\t\t\t\t\t\t\t\t<\/ul>\n\t\t\t\t\t\t\t\t\t\n\t\t\t\t\t\t\t<\/div>\t\t\t\t\t\t\t\n\t\t\t\t\t\t<\/div>\n\t\t\t\t\t<\/div>\n\n\t\t\t\t\t\t<\/div>\n\t\t\t\t<\/div>\n\t\t\t\t\t<\/div>\n\t\t<\/div>\n\t\t\t\t\t<\/div>\n\t\t<\/section>\n\t\t\t\t<\/div>\n\t\t","protected":false},"excerpt":{"rendered":"<p>Acogida y convivencia Facilitar la adaptaci\u00f3n del nuevo residente al centro mediante la asistencia integral, el acompa\u00f1amiento en el d\u00eda a d\u00eda, la fomentaci\u00f3n de la relaci\u00f3n con el resto de usuarios, familiares y entorno, y el establecimiento con los miembros del equipo de una relaci\u00f3n de ayuda. Alojamiento Proporcionar un entorno sustitutivo del hogar, con personalizaci\u00f3n de los espacios privados, creando un clima de bienestar caracterizado por el establecimiento de relaciones de confianza. Manutenci\u00f3n Proporcionar una alimentaci\u00f3n correcta y equilibrada a los residentes, mediante dietas espec\u00edficas, elaboradas en el propio centro mediante su servicio de cocina propia, adaptadas a las posibles patolog\u00edas, y men\u00fas apetitosos y variados adecuados a la estaci\u00f3n del a\u00f1o, todo considerando que comer es una fuente de placer y se convierte en un acto social. Atenci\u00f3n personal en las actividades de la vida diaria y Readaptaci\u00f3n de los h\u00e1bitos de autonom\u00eda Potenciar y mantener la autonom\u00eda de los residentes en aquellas actividades de la vida diaria que conserva, y reeducar y\/u ofrecer ayudas t\u00e9cnicas que mejoren su autonom\u00eda en estas actividades o directamente asistir en ellas en los casos de incapacidad por el parto del residente por su grado de dependencia. Higiene personal Mantener un correcto estado higi\u00e9nico y una buena integridad e hidrataci\u00f3n de la piel, preservando la intimidad y la dignidad de los residentes. Readaptaci\u00f3n social Favorecer las relaciones interpersonales tanto con los residentes como con el personal asistencial, as\u00ed como con el entorno social y comunitario, a trav\u00e9s de las actividades realizadas en el centro y un programa de interrelaci\u00f3n con el entorno. Dinamizaci\u00f3n sociocultural y Actividades de ocio Ofrecer la posibilidad a la persona mayor que cuenta con una gran disposici\u00f3n de su tiempo para el ocio, de participar en actividades que le permiten mantener, o incluso mejorar, su estado de salud tanto f\u00edsico como ps\u00edquico, establecer v\u00ednculos con otros residentes y con el entorno y disfrutar del tiempo libre. Apoyo personal, social y familiar Ofrecer atenci\u00f3n dirigida a favorecer el bienestar f\u00edsico y emocional del residente y potenciar sus relaciones con la familia, el resto de residentes y el entorno, tratando cada caso de forma personalizada y desde el trabajo en equipo. Readaptaci\u00f3n Funcional y Fisioterapia Mantener la m\u00e1xima movilidad del residente y mantener y\/o restaurar su independencia b\u00e1sica en las actividades de la vida diaria, aplicando tratamientos y t\u00e9cnicas de fisioterapia y rehabilitadoras. Seguimiento y prevenci\u00f3n de las alteraciones de la salud Prevenir y promover la salud de las personas atendidas en el centro, aplicando los programas y protocolos establecidos por el equipo interdisciplinario. Coordinaci\u00f3n con la red local de participaci\u00f3n ciudadana Dado que una de las prioridades del centro es el mantenimiento del v\u00ednculo comunitario de las personas del centro con su entorno, parte de las actividades de ocio que se realizan en el centro son en colaboraci\u00f3n con otras organizaciones locales.<\/p>\n","protected":false},"author":1,"featured_media":0,"parent":0,"menu_order":0,"comment_status":"closed","ping_status":"closed","template":"template-home.php","meta":{"footnotes":""},"class_list":["post-12741","page","type-page","status-publish","hentry"],"yoast_head":"<!-- This site is optimized with the Yoast SEO plugin v23.9 - https:\/\/yoast.com\/wordpress\/plugins\/seo\/ -->\n<title>Carta de servicios - Residencia La Tardor<\/title>\n<meta name=\"robots\" content=\"index, follow, max-snippet:-1, max-image-preview:large, max-video-preview:-1\" \/>\n<link rel=\"canonical\" href=\"https:\/\/latardor.com\/es\/carta-de-servicios\/\" \/>\n<meta property=\"og:locale\" content=\"es_ES\" \/>\n<meta property=\"og:type\" content=\"article\" \/>\n<meta property=\"og:title\" content=\"Carta de servicios - Residencia La Tardor\" \/>\n<meta property=\"og:description\" content=\"Acogida y convivencia Facilitar la adaptaci\u00f3n del nuevo residente al centro mediante la asistencia integral, el acompa\u00f1amiento en el d\u00eda a d\u00eda, la fomentaci\u00f3n de la relaci\u00f3n con el resto de usuarios, familiares y entorno, y el establecimiento con los miembros del equipo de una relaci\u00f3n de ayuda. Alojamiento Proporcionar un entorno sustitutivo del hogar, con personalizaci\u00f3n de los espacios privados, creando un clima de bienestar caracterizado por el establecimiento de relaciones de confianza. Manutenci\u00f3n Proporcionar una alimentaci\u00f3n correcta y equilibrada a los residentes, mediante dietas espec\u00edficas, elaboradas en el propio centro mediante su servicio de cocina propia, adaptadas a las posibles patolog\u00edas, y men\u00fas apetitosos y variados adecuados a la estaci\u00f3n del a\u00f1o, todo considerando que comer es una fuente de placer y se convierte en un acto social. Atenci\u00f3n personal en las actividades de la vida diaria y Readaptaci\u00f3n de los h\u00e1bitos de autonom\u00eda Potenciar y mantener la autonom\u00eda de los residentes en aquellas actividades de la vida diaria que conserva, y reeducar y\/u ofrecer ayudas t\u00e9cnicas que mejoren su autonom\u00eda en estas actividades o directamente asistir en ellas en los casos de incapacidad por el parto del residente por su grado de dependencia. Higiene personal Mantener un correcto estado higi\u00e9nico y una buena integridad e hidrataci\u00f3n de la piel, preservando la intimidad y la dignidad de los residentes. Readaptaci\u00f3n social Favorecer las relaciones interpersonales tanto con los residentes como con el personal asistencial, as\u00ed como con el entorno social y comunitario, a trav\u00e9s de las actividades realizadas en el centro y un programa de interrelaci\u00f3n con el entorno. Dinamizaci\u00f3n sociocultural y Actividades de ocio Ofrecer la posibilidad a la persona mayor que cuenta con una gran disposici\u00f3n de su tiempo para el ocio, de participar en actividades que le permiten mantener, o incluso mejorar, su estado de salud tanto f\u00edsico como ps\u00edquico, establecer v\u00ednculos con otros residentes y con el entorno y disfrutar del tiempo libre. Apoyo personal, social y familiar Ofrecer atenci\u00f3n dirigida a favorecer el bienestar f\u00edsico y emocional del residente y potenciar sus relaciones con la familia, el resto de residentes y el entorno, tratando cada caso de forma personalizada y desde el trabajo en equipo. Readaptaci\u00f3n Funcional y Fisioterapia Mantener la m\u00e1xima movilidad del residente y mantener y\/o restaurar su independencia b\u00e1sica en las actividades de la vida diaria, aplicando tratamientos y t\u00e9cnicas de fisioterapia y rehabilitadoras. Seguimiento y prevenci\u00f3n de las alteraciones de la salud Prevenir y promover la salud de las personas atendidas en el centro, aplicando los programas y protocolos establecidos por el equipo interdisciplinario. Coordinaci\u00f3n con la red local de participaci\u00f3n ciudadana Dado que una de las prioridades del centro es el mantenimiento del v\u00ednculo comunitario de las personas del centro con su entorno, parte de las actividades de ocio que se realizan en el centro son en colaboraci\u00f3n con otras organizaciones locales.\" \/>\n<meta property=\"og:url\" content=\"https:\/\/latardor.com\/es\/carta-de-servicios\/\" \/>\n<meta property=\"og:site_name\" content=\"Residencia La Tardor\" \/>\n<meta property=\"article:publisher\" content=\"https:\/\/www.facebook.com\/residencialatardorOlot\" \/>\n<meta property=\"article:modified_time\" content=\"2024-11-20T14:15:52+00:00\" \/>\n<meta name=\"twitter:card\" content=\"summary_large_image\" \/>\n<meta name=\"twitter:site\" content=\"@latardorOlot\" \/>\n<meta name=\"twitter:label1\" content=\"Tiempo de lectura\" \/>\n\t<meta name=\"twitter:data1\" content=\"3 minutos\" \/>\n<script type=\"application\/ld+json\" class=\"yoast-schema-graph\">{\"@context\":\"https:\/\/schema.org\",\"@graph\":[{\"@type\":\"WebPage\",\"@id\":\"https:\/\/latardor.com\/es\/carta-de-servicios\/\",\"url\":\"https:\/\/latardor.com\/es\/carta-de-servicios\/\",\"name\":\"Carta de servicios - Residencia La Tardor\",\"isPartOf\":{\"@id\":\"https:\/\/latardor.com\/#website\"},\"datePublished\":\"2024-09-30T11:46:58+00:00\",\"dateModified\":\"2024-11-20T14:15:52+00:00\",\"breadcrumb\":{\"@id\":\"https:\/\/latardor.com\/es\/carta-de-servicios\/#breadcrumb\"},\"inLanguage\":\"es\",\"potentialAction\":[{\"@type\":\"ReadAction\",\"target\":[\"https:\/\/latardor.com\/es\/carta-de-servicios\/\"]}]},{\"@type\":\"BreadcrumbList\",\"@id\":\"https:\/\/latardor.com\/es\/carta-de-servicios\/#breadcrumb\",\"itemListElement\":[{\"@type\":\"ListItem\",\"position\":1,\"name\":\"Inici\",\"item\":\"https:\/\/latardor.com\/es\/\"},{\"@type\":\"ListItem\",\"position\":2,\"name\":\"Carta de servicios\"}]},{\"@type\":\"WebSite\",\"@id\":\"https:\/\/latardor.com\/#website\",\"url\":\"https:\/\/latardor.com\/\",\"name\":\"Residencia La Tardor\",\"description\":\"\",\"publisher\":{\"@id\":\"https:\/\/latardor.com\/#organization\"},\"potentialAction\":[{\"@type\":\"SearchAction\",\"target\":{\"@type\":\"EntryPoint\",\"urlTemplate\":\"https:\/\/latardor.com\/?s={search_term_string}\"},\"query-input\":{\"@type\":\"PropertyValueSpecification\",\"valueRequired\":true,\"valueName\":\"search_term_string\"}}],\"inLanguage\":\"es\"},{\"@type\":\"Organization\",\"@id\":\"https:\/\/latardor.com\/#organization\",\"name\":\"Residencia La Tardor\",\"url\":\"https:\/\/latardor.com\/\",\"logo\":{\"@type\":\"ImageObject\",\"inLanguage\":\"es\",\"@id\":\"https:\/\/latardor.com\/#\/schema\/logo\/image\/\",\"url\":\"https:\/\/latardor.com\/wp-content\/uploads\/2024\/09\/cropped-logo-light.png\",\"contentUrl\":\"https:\/\/latardor.com\/wp-content\/uploads\/2024\/09\/cropped-logo-light.png\",\"width\":512,\"height\":512,\"caption\":\"Residencia La Tardor\"},\"image\":{\"@id\":\"https:\/\/latardor.com\/#\/schema\/logo\/image\/\"},\"sameAs\":[\"https:\/\/www.facebook.com\/residencialatardorOlot\",\"https:\/\/x.com\/latardorOlot\",\"https:\/\/www.instagram.com\/latardorolot\/\",\"https:\/\/www.youtube.com\/@residencialatardor4202\"]}]}<\/script>\n<!-- \/ Yoast SEO plugin. -->","yoast_head_json":{"title":"Carta de servicios - Residencia La Tardor","robots":{"index":"index","follow":"follow","max-snippet":"max-snippet:-1","max-image-preview":"max-image-preview:large","max-video-preview":"max-video-preview:-1"},"canonical":"https:\/\/latardor.com\/es\/carta-de-servicios\/","og_locale":"es_ES","og_type":"article","og_title":"Carta de servicios - Residencia La Tardor","og_description":"Acogida y convivencia Facilitar la adaptaci\u00f3n del nuevo residente al centro mediante la asistencia integral, el acompa\u00f1amiento en el d\u00eda a d\u00eda, la fomentaci\u00f3n de la relaci\u00f3n con el resto de usuarios, familiares y entorno, y el establecimiento con los miembros del equipo de una relaci\u00f3n de ayuda. Alojamiento Proporcionar un entorno sustitutivo del hogar, con personalizaci\u00f3n de los espacios privados, creando un clima de bienestar caracterizado por el establecimiento de relaciones de confianza. Manutenci\u00f3n Proporcionar una alimentaci\u00f3n correcta y equilibrada a los residentes, mediante dietas espec\u00edficas, elaboradas en el propio centro mediante su servicio de cocina propia, adaptadas a las posibles patolog\u00edas, y men\u00fas apetitosos y variados adecuados a la estaci\u00f3n del a\u00f1o, todo considerando que comer es una fuente de placer y se convierte en un acto social. Atenci\u00f3n personal en las actividades de la vida diaria y Readaptaci\u00f3n de los h\u00e1bitos de autonom\u00eda Potenciar y mantener la autonom\u00eda de los residentes en aquellas actividades de la vida diaria que conserva, y reeducar y\/u ofrecer ayudas t\u00e9cnicas que mejoren su autonom\u00eda en estas actividades o directamente asistir en ellas en los casos de incapacidad por el parto del residente por su grado de dependencia. Higiene personal Mantener un correcto estado higi\u00e9nico y una buena integridad e hidrataci\u00f3n de la piel, preservando la intimidad y la dignidad de los residentes. Readaptaci\u00f3n social Favorecer las relaciones interpersonales tanto con los residentes como con el personal asistencial, as\u00ed como con el entorno social y comunitario, a trav\u00e9s de las actividades realizadas en el centro y un programa de interrelaci\u00f3n con el entorno. Dinamizaci\u00f3n sociocultural y Actividades de ocio Ofrecer la posibilidad a la persona mayor que cuenta con una gran disposici\u00f3n de su tiempo para el ocio, de participar en actividades que le permiten mantener, o incluso mejorar, su estado de salud tanto f\u00edsico como ps\u00edquico, establecer v\u00ednculos con otros residentes y con el entorno y disfrutar del tiempo libre. Apoyo personal, social y familiar Ofrecer atenci\u00f3n dirigida a favorecer el bienestar f\u00edsico y emocional del residente y potenciar sus relaciones con la familia, el resto de residentes y el entorno, tratando cada caso de forma personalizada y desde el trabajo en equipo. Readaptaci\u00f3n Funcional y Fisioterapia Mantener la m\u00e1xima movilidad del residente y mantener y\/o restaurar su independencia b\u00e1sica en las actividades de la vida diaria, aplicando tratamientos y t\u00e9cnicas de fisioterapia y rehabilitadoras. Seguimiento y prevenci\u00f3n de las alteraciones de la salud Prevenir y promover la salud de las personas atendidas en el centro, aplicando los programas y protocolos establecidos por el equipo interdisciplinario. Coordinaci\u00f3n con la red local de participaci\u00f3n ciudadana Dado que una de las prioridades del centro es el mantenimiento del v\u00ednculo comunitario de las personas del centro con su entorno, parte de las actividades de ocio que se realizan en el centro son en colaboraci\u00f3n con otras organizaciones locales.","og_url":"https:\/\/latardor.com\/es\/carta-de-servicios\/","og_site_name":"Residencia La Tardor","article_publisher":"https:\/\/www.facebook.com\/residencialatardorOlot","article_modified_time":"2024-11-20T14:15:52+00:00","twitter_card":"summary_large_image","twitter_site":"@latardorOlot","twitter_misc":{"Tiempo de lectura":"3 minutos"},"schema":{"@context":"https:\/\/schema.org","@graph":[{"@type":"WebPage","@id":"https:\/\/latardor.com\/es\/carta-de-servicios\/","url":"https:\/\/latardor.com\/es\/carta-de-servicios\/","name":"Carta de servicios - Residencia La Tardor","isPartOf":{"@id":"https:\/\/latardor.com\/#website"},"datePublished":"2024-09-30T11:46:58+00:00","dateModified":"2024-11-20T14:15:52+00:00","breadcrumb":{"@id":"https:\/\/latardor.com\/es\/carta-de-servicios\/#breadcrumb"},"inLanguage":"es","potentialAction":[{"@type":"ReadAction","target":["https:\/\/latardor.com\/es\/carta-de-servicios\/"]}]},{"@type":"BreadcrumbList","@id":"https:\/\/latardor.com\/es\/carta-de-servicios\/#breadcrumb","itemListElement":[{"@type":"ListItem","position":1,"name":"Inici","item":"https:\/\/latardor.com\/es\/"},{"@type":"ListItem","position":2,"name":"Carta de servicios"}]},{"@type":"WebSite","@id":"https:\/\/latardor.com\/#website","url":"https:\/\/latardor.com\/","name":"Residencia La Tardor","description":"","publisher":{"@id":"https:\/\/latardor.com\/#organization"},"potentialAction":[{"@type":"SearchAction","target":{"@type":"EntryPoint","urlTemplate":"https:\/\/latardor.com\/?s={search_term_string}"},"query-input":{"@type":"PropertyValueSpecification","valueRequired":true,"valueName":"search_term_string"}}],"inLanguage":"es"},{"@type":"Organization","@id":"https:\/\/latardor.com\/#organization","name":"Residencia La Tardor","url":"https:\/\/latardor.com\/","logo":{"@type":"ImageObject","inLanguage":"es","@id":"https:\/\/latardor.com\/#\/schema\/logo\/image\/","url":"https:\/\/latardor.com\/wp-content\/uploads\/2024\/09\/cropped-logo-light.png","contentUrl":"https:\/\/latardor.com\/wp-content\/uploads\/2024\/09\/cropped-logo-light.png","width":512,"height":512,"caption":"Residencia La Tardor"},"image":{"@id":"https:\/\/latardor.com\/#\/schema\/logo\/image\/"},"sameAs":["https:\/\/www.facebook.com\/residencialatardorOlot","https:\/\/x.com\/latardorOlot","https:\/\/www.instagram.com\/latardorolot\/","https:\/\/www.youtube.com\/@residencialatardor4202"]}]}},"_links":{"self":[{"href":"https:\/\/latardor.com\/es\/wp-json\/wp\/v2\/pages\/12741","targetHints":{"allow":["GET"]}}],"collection":[{"href":"https:\/\/latardor.com\/es\/wp-json\/wp\/v2\/pages"}],"about":[{"href":"https:\/\/latardor.com\/es\/wp-json\/wp\/v2\/types\/page"}],"author":[{"embeddable":true,"href":"https:\/\/latardor.com\/es\/wp-json\/wp\/v2\/users\/1"}],"replies":[{"embeddable":true,"href":"https:\/\/latardor.com\/es\/wp-json\/wp\/v2\/comments?post=12741"}],"version-history":[{"count":6,"href":"https:\/\/latardor.com\/es\/wp-json\/wp\/v2\/pages\/12741\/revisions"}],"predecessor-version":[{"id":12905,"href":"https:\/\/latardor.com\/es\/wp-json\/wp\/v2\/pages\/12741\/revisions\/12905"}],"wp:attachment":[{"href":"https:\/\/latardor.com\/es\/wp-json\/wp\/v2\/media?parent=12741"}],"curies":[{"name":"wp","href":"https:\/\/api.w.org\/{rel}","templated":true}]}}